{"id":9231,"date":"2022-06-03T14:48:12","date_gmt":"2022-06-03T12:48:12","guid":{"rendered":"https:\/\/engstligenalp.ch\/vivre\/globi-et-les-enfants\/"},"modified":"2026-04-25T08:02:13","modified_gmt":"2026-04-25T06:02:13","slug":"globi-et-les-enfants","status":"publish","type":"page","link":"https:\/\/engstligenalp.ch\/fr\/ete\/vivre\/globi-et-les-enfants\/","title":{"rendered":"Globi et les enfants"},"content":{"rendered":"\n    <section class=\"full_grid text-light\">\n        <div class=\"container-full\">\n            <div class=\"max_90_d\">\n                <div class=\"row\">\n                                            <h1 class=\"mb-4 heading\">D\u00e9couvrir l&rsquo;Engstligenalp avec Globi  <\/h1>\n                                        <div class=\"col-md-8\">\n                        <p>Globi, l&rsquo;oiseau bleu au bec jaune, au b\u00e9ret basque et au pantalon \u00e0 carreaux rouges et noirs, fait tout simplement partie de l&rsquo;Engstligenalp. L&rsquo;exp\u00e9rience avec Globi commence d\u00e8s que le t\u00e9l\u00e9ph\u00e9rique Globi emm\u00e8ne toute ta famille au sommet de la montagne. Il y a d\u00e9j\u00e0 de quoi s&rsquo;\u00e9merveiller pendant le trajet : d\u00e9couvriras-tu les chutes de l&rsquo;Engstligen ? Globi vous souhaite la bienvenue sur le plus beau plateau de Suisse : Ensemble, vous d\u00e9couvrirez l&rsquo;Engstligenalp et vivrez une aventure inoubliable de Globi avec toute la famille &#8211; il n&rsquo;y aura certainement pas que les yeux des enfants qui brilleront.<\/p>\n                                            <\/div>\n                                    <\/div>\n            <\/div>\n        <\/div>\n    <\/section>\n\n\n     \n            <section class=\"column_in_2\" >\n                <div class=\"container-full\">\n                    <div class=\"triagles_effects half_effect_quatre\" data-aos=\"fade-up\" data-aos-delay=\"600\">\n                        <div class=\"half_right_blue\"><\/div>\n                    <\/div>\n                    <div class=\"row max_90_d\">\n                        <div class=\"col-lg-7 p-0 mb-4 order-1 position-relative\" data-aos=\"fade-up\" data-aos-delay=\"200\">\n                            <img decoding=\"async\" src=\"https:\/\/engstligenalp.ch\/wp-content\/uploads\/\/AZ_2918_engstligenalp_summer_130722.jpg\" class=\"img-fluid rounded-2 img-shadow\" alt=\"\" title=\"\">\n                        <\/div>\n                        <div class=\"col-lg-4 margin-left-3 order-2 content\" data-aos=\"fade-up\" data-aos-delay=\"200\">\n                            <h2 class=\"mb-4\">Prendre de la hauteur avec le t\u00e9l\u00e9ph\u00e9rique Globi<\/h2>\n                            <div><p>Le t\u00e9l\u00e9ph\u00e9rique Globi emm\u00e8ne toute ta famille sur l&rsquo;Engstligenalp. L&rsquo;aventure avec Globi commence alors d\u00e9j\u00e0, car il y a beaucoup \u00e0 d\u00e9couvrir en route. Tu auras peut-\u00eatre la chance d&rsquo;apercevoir les chutes d&rsquo;eau qui grondent.<\/p>\n<p><strong>Heures de fonctionnement<\/strong><\/p>\n<p>20.06. &#8211; 18.10.2026, SA + DI<br \/>\n04.07. &#8211; 09.08.2026, tous les jours (vacances d&rsquo;\u00e9t\u00e9)<br \/>\n19.09. &#8211; 11.10.2026, tous les jours (vacances d&rsquo;automne)  <\/p>\n<p>de 9h30 \u00e0 12h30 \/ de 14h30 \u00e0 16h30<\/p>\n<\/div>\n                                                                                <\/div>\n                    <\/div>\n                <\/div>\n            <\/section>\n    \n    \n    <section class=\"full_grid text-light\">\n        <div class=\"container-full\">\n            <div class=\"max_90_d\">\n                <div class=\"row\">\n                                            <h2 class=\"mb-4 heading\">Des souvenirs qui restent : Globi en personne<\/h2>\n                                        <div class=\"col-md-8\">\n                        <p>Sur l&rsquo;Engstligenalp, tu as la possibilit\u00e9 de rencontrer Globi en personne. En \u00e9t\u00e9, vous le rencontrerez pr\u00e8s de l&rsquo;h\u00f4tel de montagne et il sera ravi de vous accueillir.<\/p>\n<ul>\n<li>20.06. &#8211; 18.10.2026, 13:30 &#8211; 14:00, tous les SA et DIM<\/li>\n<li>en plus le mercredi : 08.07. \/ 15.07. \/ 22.07. \/ 29.07. \/ 05.08. \/ 23.09. \/ 30.09. \/ 07.10.        (vacances d&rsquo;\u00e9t\u00e9 et d&rsquo;automne)<\/li>\n<\/ul>\n<p>Bien entendu, l&rsquo;oiseau bleu se tient \u00e0 votre disposition pour une photo souvenir. La plupart du temps, il a m\u00eame une surprise avec lui : de petits cadeaux comme des tatouages, des autocollants et des cartes postales font en sorte que ta rencontre avec Globi restera longtemps grav\u00e9e dans ta m\u00e9moire.<\/p>\n                                            <\/div>\n                                    <\/div>\n            <\/div>\n        <\/div>\n    <\/section>\n\n\n     \n            <section class=\"column_in_2\" >\n                <div class=\"container-full\">\n                    <div class=\"triagles_effects half_effect_quatre\" data-aos=\"fade-up\" data-aos-delay=\"600\">\n                        <div class=\"half_right_blue\"><\/div>\n                    <\/div>\n                    <div class=\"row max_90_d\">\n                        <div class=\"col-lg-7 p-0 mb-4 order-1 position-relative\" data-aos=\"fade-up\" data-aos-delay=\"200\">\n                            <img decoding=\"async\" src=\"https:\/\/engstligenalp.ch\/wp-content\/uploads\/\/AZ_2844_engstligenalp_summer_130722.jpg\" class=\"img-fluid rounded-2 img-shadow\" alt=\"\" title=\"\">\n                        <\/div>\n                        <div class=\"col-lg-4 margin-left-3 order-2 content\" data-aos=\"fade-up\" data-aos-delay=\"200\">\n                            <h2 class=\"mb-4\">Explorer le monde alpin par diff\u00e9rents chemins<\/h2>\n                            <div><p>Avec Globi, la randonn\u00e9e est deux fois plus amusante. Les trois sentiers de randonn\u00e9e de Globi sont id\u00e9aux pour d\u00e9couvrir les paysages, les animaux et les plantes du monde alpin :<\/p>\n<ul>\n<li>Chemin de montagne Globi<\/li>\n<li>Globi Alpweg<\/li>\n<li>Globi chemin de cristal<\/li>\n<\/ul>\n<p>Les trois sentiers th\u00e9matiques de Globi seront ouverts tous les jours \u00e0 partir du samedi 20 juin jusqu&rsquo;\u00e0 la fin de la saison estivale !<\/p>\n<\/div>\n                                                            <div class=\"mt-4\">\n                                    <a href=\"https:\/\/engstligenalp.ch\/wp-content\/uploads\/Engstligenalp_Broschuere_2025_26_A5_LOW.pdf\" target=\"_BLANK\" class=\"btn btn-success btn-rounded\">Brochure Globi<\/a>\n                                <\/div>\n                                                                                <\/div>\n                    <\/div>\n                <\/div>\n            <\/section>\n    \n    \n                <section class=\"column_in_2 img-box-l\" id=\"Package Aventure\">\n                <div class=\"container-full\">\n                    <div class=\"row max_90_d\">\n                        <div class=\"col-lg-5 order-1 order-lg-12 floating_card content\" data-aos=\"fade-up\" data-aos-delay=\"200\">\n                            <div class=\"card p-4 p-md-5\">\n                                <h1 class=\"mb-4\">Forfait d\u00e9couverte Globi  <\/h1>\n                                <div><p>Et pourquoi ne pas prolonger le s\u00e9jour en r\u00e9servant le forfait Globi pour la nuit ? Un moment fort pour les petits fans de Globi : apprendre dans le livre de Globi et r\u00eaver le soir, blotti dans les draps de Globi, des aventures de Globi sur l&rsquo;alpage. <\/p>\n<p>Inclus dans le forfait Globi :<\/p>\n<ul>\n<li>1 sac surprise Globi avec diverses surprises<\/li>\n<li>linge de lit sp\u00e9cial Globi dans la chambre<\/li>\n<li>Rencontrez Globi en personne (attention : Globi en personne n&rsquo;est pr\u00e9sent qu&rsquo;\u00e0 certaines dates\/jours).<\/li>\n<\/ul>\n<p>Le package peut \u00eatre r\u00e9serv\u00e9 individuellement comme prestation suppl\u00e9mentaire lors de la r\u00e9servation. Co\u00fbt par enfant : CHF 29 <\/p>\n<p>D&rsquo;ailleurs, \u00e0 partir de 2 nuits, le trajet en t\u00e9l\u00e9ph\u00e9rique Globi est inclus pour toute la famille (le billet de t\u00e9l\u00e9ph\u00e9rique est \u00e9galement valable pour le t\u00e9l\u00e9ph\u00e9rique normal).<\/p>\n<\/div>\n                                                                    <div class=\"mt-4\">\n                                        <a href=\"https:\/\/www.simplebooking.it\/ibe2\/hotel\/7607?lang=FR&amp;cur=CHF\" target=\"_BLANK\" class=\"btn btn-success btn-rounded\" rel=\"nofollow noopener\">R\u00e9server maintenant<\/a>\n                                    <\/div>\n                                                                                            <\/div>\n                        <\/div>\n                        <div class=\"col-lg-7 order-12 order-lg-1 p-0 mb-4 position-relative\" data-aos=\"fade-up\" data-aos-delay=\"200\">\n                            <div class=\"right_top_lightblue magic to_right to_top\" data-bottom-center=\"transform: translate(0,5vh)\" data-top-center=\"transform: translate(0,-15vh)\"><\/div>\n                            <img decoding=\"async\" src=\"https:\/\/engstligenalp.ch\/wp-content\/uploads\/globi-erlebnispackage-e1674062501405.jpg\" class=\"img-fluid rounded-2 img-shadow\" alt=\"\" title=\"\">\n                            <div class=\"left_top_green magic to_left2 to_bottom\" data-bottom-center=\"transform: translate(0,10vh)\" data-top-center=\"transform: translate(0,-5vh)\"><\/div>\n                        <\/div>\n                    <\/div>\n                <\/div>\n            <\/section>\n    \n    \n     \n            <section class=\"column_in_2\" >\n                <div class=\"container-full\">\n                    <div class=\"triagles_effects half_effect_quatre\" data-aos=\"fade-up\" data-aos-delay=\"600\">\n                        <div class=\"half_right_blue\"><\/div>\n                    <\/div>\n                    <div class=\"row max_90_d\">\n                        <div class=\"col-lg-7 p-0 mb-4 order-1 position-relative\" data-aos=\"fade-up\" data-aos-delay=\"200\">\n                            <img decoding=\"async\" src=\"https:\/\/engstligenalp.ch\/wp-content\/uploads\/globi-4.avif\" class=\"img-fluid rounded-2 img-shadow\" alt=\"\" title=\"\">\n                        <\/div>\n                        <div class=\"col-lg-4 margin-left-3 order-2 content\" data-aos=\"fade-up\" data-aos-delay=\"200\">\n                            <h1 class=\"mb-4\">Souvenirs de Globi pour la maison<\/h1>\n                            <div><p>Connais-tu d\u00e9j\u00e0 l&rsquo;histoire de Globi, qui devient alpagiste pour une saison sur l&rsquo;Engstligenalp ? Le berger s&rsquo;est en effet malencontreusement bless\u00e9 &#8211; pas de doute, Globi le remplace. Il a maintenant beaucoup \u00e0 faire, beaucoup \u00e0 apprendre et beaucoup de nouvelles choses \u00e0 d\u00e9couvrir. C&rsquo;est ainsi que Globi r\u00e9pand la bouse de vache dans les p\u00e2turages, transporte d&rsquo;\u00e9normes balles de foin, apprend \u00e0 jodler \u00e0 travers un entonnoir \u00e0 lait ou comment agiter des drapeaux. Pendant son \u00e9t\u00e9 \u00e0 l&rsquo;alpage, il est confront\u00e9 \u00e0 des vaches insolentes, rencontre des nains et un g\u00e9ant. Le mieux est que tu lises toi-m\u00eame tout ce qu&rsquo;il vit par ailleurs !<\/p>\n<p>Les livres Globi, les CD et divers autres articles Globi sont disponibles au Globi St\u00fcbli ou \u00e0 l&rsquo;h\u00f4tel de montagne. Le Globi St\u00fcbli est ouvert chaque fois que le t\u00e9l\u00e9ph\u00e9rique Globi est en service.<\/p>\n<p>D&rsquo;ailleurs, diff\u00e9rents produits Globi sont \u00e9galement en vente en ligne sur notre boutique de souvenirs.<\/p>\n<\/div>\n                                                            <div class=\"mt-4\">\n                                    <a href=\"https:\/\/shop.e-guma.ch\/engstligenalp\/fr\/produits\" target=\"_BLANK\" class=\"btn btn-success btn-rounded\" rel=\"nofollow noopener\">Boutique de souvenirs<\/a>\n                                <\/div>\n                                                                                <\/div>\n                    <\/div>\n                <\/div>\n            <\/section>\n    \n      \n\n\n        <section class=\"shaper space_b text-light cta\">\n            <div class=\"triagles_effects full__width_effect shape ondesktop\">\n                <div><\/div>\n                <div class=\"right_bottom_lightblue\" data-aos=\"flip-right\" data-aos-delay=\"100\"><\/div>\n                <div><\/div>\n                <div class=\"right_bottom_grey\" data-aos=\"flip-right\" data-aos-delay=\"200\"><\/div>\n                <div class=\"left_top_green\" data-aos=\"flip-right\" data-aos-delay=\"300\"><\/div>\n                <div class=\"left_top_blue\" data-aos=\"flip-right\" data-aos-delay=\"300\"><\/div>\n                <div class=\"left_top_lightblue\" data-aos=\"flip-right\" data-aos-delay=\"300\"><\/div>\n                <div class=\"right_top_blue\" data-aos=\"flip-right\" data-aos-delay=\"300\"><\/div>\n                <div><\/div>\n                <div class=\"right_top_white\" data-aos=\"flip-right\" data-aos-delay=\"400\"><\/div>\n                <div class=\"left_top_green\" data-aos=\"flip-right\" data-aos-delay=\"400\"><\/div>\n                <div class=\"left_top_lightblue\" data-aos=\"flip-right\" data-aos-delay=\"500\"><\/div>\n            <\/div>\n\t\t\t<div class=\"triagles_effects full__width_effect shape onmobile\">\n                <div><\/div>\n                <div class=\"right_bottom_lightblue\"><\/div>\n                <div><\/div>\n                <div class=\"right_bottom_grey\"><\/div>\n                <div class=\"left_top_green\"><\/div>\n                <div class=\"left_top_blue\"><\/div>\n                <div class=\"left_top_lightblue\"><\/div>\n                <div class=\"right_top_blue\"><\/div>\n                <div><\/div>\n                <div class=\"right_top_lightblue\"><\/div>\n                <div class=\"left_top_grey\"><\/div>\n                <div class=\"left_top_lightblue\"><\/div>\n            <\/div>\n            <div class=\"container-full\">\n            <div class=\"max_90_d\">\n                <div class=\"row \">\n                    <h3 class=\"mb-0 heading shaper__text\">Informe-toi sur l&rsquo;offre hivernale de Globi<\/h3>\n\t\t\t\t\t\t\t\t\t\t\t<div class=\"mt-4\">\n\t\t\t\t\t\t\t\t\t<a href=\"https:\/\/engstligenalp.ch\/winter\/erleben\/globi-und-kids\/\" class=\"btn btn-success btn-rounded\" target=\"_SELF\">D\u00e9couvrir maintenant<\/a>\n\t\t\t\t\t\t\t\t\t\t<\/div>                \t<\/div>\n                <\/div>\n            <\/div>\n        <\/section>","protected":false},"excerpt":{"rendered":"","protected":false},"author":1,"featured_media":19702,"parent":9124,"menu_order":38,"comment_status":"closed","ping_status":"closed","template":"","meta":{"_acf_changed":false,"footnotes":""},"class_list":["post-9231","page","type-page","status-publish","has-post-thumbnail","hentry"],"acf":[],"publishpress_future_workflow_manual_trigger":{"enabledWorkflows":[]},"_links":{"self":[{"href":"https:\/\/engstligenalp.ch\/fr\/wp-json\/wp\/v2\/pages\/9231","targetHints":{"allow":["GET"]}}],"collection":[{"href":"https:\/\/engstligenalp.ch\/fr\/wp-json\/wp\/v2\/pages"}],"about":[{"href":"https:\/\/engstligenalp.ch\/fr\/wp-json\/wp\/v2\/types\/page"}],"author":[{"embeddable":true,"href":"https:\/\/engstligenalp.ch\/fr\/wp-json\/wp\/v2\/users\/1"}],"replies":[{"embeddable":true,"href":"https:\/\/engstligenalp.ch\/fr\/wp-json\/wp\/v2\/comments?post=9231"}],"version-history":[{"count":49,"href":"https:\/\/engstligenalp.ch\/fr\/wp-json\/wp\/v2\/pages\/9231\/revisions"}],"predecessor-version":[{"id":35708,"href":"https:\/\/engstligenalp.ch\/fr\/wp-json\/wp\/v2\/pages\/9231\/revisions\/35708"}],"up":[{"embeddable":true,"href":"https:\/\/engstligenalp.ch\/fr\/wp-json\/wp\/v2\/pages\/9124"}],"wp:featuredmedia":[{"embeddable":true,"href":"https:\/\/engstligenalp.ch\/fr\/wp-json\/wp\/v2\/media\/19702"}],"wp:attachment":[{"href":"https:\/\/engstligenalp.ch\/fr\/wp-json\/wp\/v2\/media?parent=9231"}],"curies":[{"name":"wp","href":"https:\/\/api.w.org\/{rel}","templated":true}]}}